{"id":952,"date":"2013-02-07T16:51:02","date_gmt":"2013-02-07T16:51:02","guid":{"rendered":"http:\/\/velovilnius.lt\/veloland\/?page_id=952"},"modified":"2021-01-17T11:44:47","modified_gmt":"2021-01-17T09:44:47","slug":"vakaru-lietuva-zemaitija-klaipedos-krastas","status":"publish","type":"page","link":"https:\/\/velovilnius.lt\/veloland\/marsrutai\/vakaru-lietuva-zemaitija-klaipedos-krastas\/","title":{"rendered":"Vakar\u0173 Lietuva (\u017demaitija, Klaip\u0117dos Kra\u0161tas)"},"content":{"rendered":"<h1>Vakar\u0173 Lietuva (\u017demaitija, Klaip\u0117dos Kra\u0161tas)<\/h1>\n<h2 style=\"font-size: 13.333333969116211px;\">Mar\u0161rutai<\/h2>\n<ul>\n<li style=\"font-size: 13.333333969116211px;\">Paj\u016brio dvira\u010dio trasa<\/li>\n<li style=\"font-size: 13.333333969116211px;\">Mar\u0161rutai \u0160ilut\u0117s rajone<\/li>\n<li style=\"font-size: 13.333333969116211px;\">\u017demaitijos Nacionalinis Parkas (aplink Plat\u0117li\u0173 e\u017eer\u0105)<\/li>\n<li style=\"font-size: 13.333333969116211px;\">Tytuv\u0117n\u0173 Regioninis Parkas<\/li>\n<li style=\"font-size: 13.333333969116211px;\">Kurtuv\u0117n\u0173 Regioninis Parkas<\/li>\n<\/ul>\n<hr \/>\n<p style=\"font-size: 13px;\">[blog_in_blog category_slug=&#8217;zemaitija&#8217;]\n<p style=\"font-size: 13.333333969116211px;\">\n<!-- iframe plugin v.6.0 wordpress.org\/plugins\/iframe\/ -->\n<iframe loading=\"lazy\" src=\"http:\/\/www.gpsies.com\/mapFolderOnly.do?id=2796\" width=\"600\" height=\"400\" frameborder=\"0\" scrolling=\"no\" marginheight=\"0\" marginwidth=\"0\" class=\"iframe-class\"><\/iframe>\n\n<div class=\"pt-cv-wrapper\"><div class=\"pt-cv-view pt-cv-collapsible\" id=\"pt-cv-view-a7a0397j2f\"><div data-id=\"pt-cv-page-1\" class=\"pt-cv-page\" data-cvc=\"1\"><div class=\"panel-group\" id=\"fbbcaedauz\"><div class=\"panel panel-default pt-cv-content-item pt-cv-2-col\" >\r\n<div class=\"panel-heading pt-cv-title\">\r\n    <a class=\"panel-title\" data-toggle=\"cvcollapse\" data-parent=\"#fbbcaedauz\" data-target=\"#c20f384whu\" href=\"https:\/\/velovilnius.lt\/veloland\/zemaitijos-np\/\" onclick=\"event.preventDefault()\">\r\n\t\t\u017demaitijos NP\t<\/a>\r\n\t<\/div>\r\n<div id=\"c20f384whu\" class=\"panel-collapse collapse in\">\r\n\t<div class=\"panel-body\">\r\n\t\t<a href=\"https:\/\/velovilnius.lt\/veloland\/zemaitijos-np\/\" class=\"_self pt-cv-href-thumbnail pt-cv-thumb-left\" target=\"_self\"><\/a>\n<div class=\"pt-cv-content\">Dvira\u010di\u0173 trasa aplink Plateli\u0173 e\u017eer\u0105 Tai vienas populiariausi\u0173 \u017demaitijos nacionalinio parko turistini\u0173 mar&scaron;rut\u0173, kuriame gausu \u012fdomi\u0173 turistini\u0173 objekt\u0173, gamtos ir ...<br \/><div class=\"pt-cv-rmwrap\"><a href=\"https:\/\/velovilnius.lt\/veloland\/zemaitijos-np\/\" class=\"_self pt-cv-readmore btn btn-success\" target=\"_self\">Read More<\/a><\/div><\/div>\t<\/div>\r\n<\/div><\/div>\n<div class=\"panel panel-default pt-cv-content-item pt-cv-2-col\" >\r\n<div class=\"panel-heading pt-cv-title\">\r\n    <a class=\"panel-title\" data-toggle=\"cvcollapse\" data-parent=\"#fbbcaedauz\" data-target=\"#a76b863drh\" href=\"http:\/\/velovilnius.lt\/veloland\/marsrutai\/vakaru-lietuva-zemaitija-klaipedos-krastas\/\" onclick=\"event.preventDefault()\">\r\n\t\tVakar\u0173 Lietuva (\u017demaitija, Klaip\u0117dos Kra\u0161tas)\t<\/a>\r\n\t<\/div>\r\n<div id=\"a76b863drh\" class=\"panel-collapse collapse \">\r\n\t<div class=\"panel-body\">\r\n\t\t<a href=\"http:\/\/velovilnius.lt\/veloland\/marsrutai\/vakaru-lietuva-zemaitija-klaipedos-krastas\/\" class=\"_self pt-cv-href-thumbnail pt-cv-thumb-left\" target=\"_self\"><img loading=\"lazy\" decoding=\"async\" width=\"1536\" height=\"2048\" src=\"https:\/\/velovilnius.lt\/veloland\/files\/2013\/09\/LT5_sandradPIC_0102.jpg\" class=\"pt-cv-thumbnail pull-left\" alt=\"\" srcset=\"https:\/\/velovilnius.lt\/veloland\/files\/2013\/09\/LT5_sandradPIC_0102.jpg 1536w, https:\/\/velovilnius.lt\/veloland\/files\/2013\/09\/LT5_sandradPIC_0102-768x1024.jpg 768w, https:\/\/velovilnius.lt\/veloland\/files\/2013\/09\/LT5_sandradPIC_0102-15x20.jpg 15w, https:\/\/velovilnius.lt\/veloland\/files\/2013\/09\/LT5_sandradPIC_0102-384x512.jpg 384w\" sizes=\"auto, (max-width: 1536px) 100vw, 1536px\" \/><\/a>\n<div class=\"pt-cv-content\">Paj\u016brio dvira\u010dio trasa Mar&scaron;rutai &Scaron;ilut\u0117s rajone \u017demaitijos Nacionalinis Parkas (aplink Plat\u0117li\u0173 e\u017eer\u0105) Tytuv\u0117n\u0173 Regioninis Parkas Kurtiv\u0117n\u0173 Regioninis Parkas ...<br \/><div class=\"pt-cv-rmwrap\"><a href=\"http:\/\/velovilnius.lt\/veloland\/marsrutai\/vakaru-lietuva-zemaitija-klaipedos-krastas\/\" class=\"_self pt-cv-readmore btn btn-success\" target=\"_self\">Read More<\/a><\/div><\/div>\t<\/div>\r\n<\/div><\/div>\n<div class=\"panel panel-default pt-cv-content-item pt-cv-2-col\" >\r\n<div class=\"panel-heading pt-cv-title\">\r\n    <a class=\"panel-title\" data-toggle=\"cvcollapse\" data-parent=\"#fbbcaedauz\" data-target=\"#516eb813b2\" href=\"https:\/\/velovilnius.lt\/veloland\/varniu-regioninis-parkas\/\" onclick=\"event.preventDefault()\">\r\n\t\tVarni\u0173 Regioninis Parkas\t<\/a>\r\n\t<\/div>\r\n<div id=\"516eb813b2\" class=\"panel-collapse collapse \">\r\n\t<div class=\"panel-body\">\r\n\t\t<a href=\"https:\/\/velovilnius.lt\/veloland\/varniu-regioninis-parkas\/\" class=\"_self pt-cv-href-thumbnail pt-cv-thumb-left\" target=\"_self\"><\/a>\n<div class=\"pt-cv-content\">http:\/\/www.varniuparkas.lt\/view.php?id=informacija&amp;sbid=358 Varni\u0173 regioninio parko I&Scaron;SKIRTIN\u0116 VERT\u0116 Varni\u0173 regioninis parkas &ndash; i&scaron;kiliausia kalvotosios \u017demaitijos dalis su auk&scaron;\u010diausiomis kalvomis, L\u016bksto &ndash; Bir\u017eulio ...<br \/><div class=\"pt-cv-rmwrap\"><a href=\"https:\/\/velovilnius.lt\/veloland\/varniu-regioninis-parkas\/\" class=\"_self pt-cv-readmore btn btn-success\" target=\"_self\">Read More<\/a><\/div><\/div>\t<\/div>\r\n<\/div><\/div>\n<div class=\"panel panel-default pt-cv-content-item pt-cv-2-col\" >\r\n<div class=\"panel-heading pt-cv-title\">\r\n    <a class=\"panel-title\" data-toggle=\"cvcollapse\" data-parent=\"#fbbcaedauz\" data-target=\"#dc165cedm9\" href=\"https:\/\/velovilnius.lt\/veloland\/ventos-regioninis-parkas\/\" onclick=\"event.preventDefault()\">\r\n\t\tVentos Regioninis Parkas\t<\/a>\r\n\t<\/div>\r\n<div id=\"dc165cedm9\" class=\"panel-collapse collapse \">\r\n\t<div class=\"panel-body\">\r\n\t\t<a href=\"https:\/\/velovilnius.lt\/veloland\/ventos-regioninis-parkas\/\" class=\"_self pt-cv-href-thumbnail pt-cv-thumb-left\" target=\"_self\"><\/a>\n<div class=\"pt-cv-content\">III. Dvira\u010di\u0173 turizmo mar&scaron;rutai Viek&scaron;niai&rarr; Santekli\u0173 poilsiaviet\u0117 (Santekli\u0173 km)&rarr; Gyvoli\u0173 piliakalnis (Gyvoli\u0173 km)&rarr; J. Miltinio t\u0117vi&scaron;k\u0117 (Ramoni&scaron;ki\u0173 km)&rarr; Skleipi\u0173 akmuo ...<br \/><div class=\"pt-cv-rmwrap\"><a href=\"https:\/\/velovilnius.lt\/veloland\/ventos-regioninis-parkas\/\" class=\"_self pt-cv-readmore btn btn-success\" target=\"_self\">Read More<\/a><\/div><\/div>\t<\/div>\r\n<\/div><\/div>\n<div class=\"panel panel-default pt-cv-content-item pt-cv-2-col\" >\r\n<div class=\"panel-heading pt-cv-title\">\r\n    <a class=\"panel-title\" data-toggle=\"cvcollapse\" data-parent=\"#fbbcaedauz\" data-target=\"#37d82a6nw8\" href=\"https:\/\/velovilnius.lt\/veloland\/panemunes-dviraciu-takas-jurbarko-raj\/\" onclick=\"event.preventDefault()\">\r\n\t\tPanemun\u0117s dvira\u010di\u0173 takas (Jurbarko raj.)\t<\/a>\r\n\t<\/div>\r\n<div id=\"37d82a6nw8\" class=\"panel-collapse collapse \">\r\n\t<div class=\"panel-body\">\r\n\t\t<a href=\"https:\/\/velovilnius.lt\/veloland\/panemunes-dviraciu-takas-jurbarko-raj\/\" class=\"_self pt-cv-href-thumbnail pt-cv-thumb-left\" target=\"_self\"><\/a>\n<div class=\"pt-cv-content\">DVIRA\u010cI\u0172 Mar&scaron;rutas: Raudon\u0117 &ndash; Kartup\u0117nai &ndash; Pilis I &ndash; Skirsnemun\u0117 &ndash; Molyn\u0117 &ndash; Jurbarkas Va\u017eiavimo trukm\u0117 apie 3 val. (neskai\u010diujant ...<br \/><div class=\"pt-cv-rmwrap\"><a href=\"https:\/\/velovilnius.lt\/veloland\/panemunes-dviraciu-takas-jurbarko-raj\/\" class=\"_self pt-cv-readmore btn btn-success\" target=\"_self\">Read More<\/a><\/div><\/div>\t<\/div>\r\n<\/div><\/div>\n<div class=\"panel panel-default pt-cv-content-item pt-cv-2-col\" >\r\n<div class=\"panel-heading pt-cv-title\">\r\n    <a class=\"panel-title\" data-toggle=\"cvcollapse\" data-parent=\"#fbbcaedauz\" data-target=\"#e9b7496tmx\" href=\"https:\/\/velovilnius.lt\/veloland\/nemuno-dviraciu-trasa-ndt\/\" onclick=\"event.preventDefault()\">\r\n\t\tNemuno dvira\u010di\u0173 trasa (NDT)\t<\/a>\r\n\t<\/div>\r\n<div id=\"e9b7496tmx\" class=\"panel-collapse collapse \">\r\n\t<div class=\"panel-body\">\r\n\t\t<a href=\"https:\/\/velovilnius.lt\/veloland\/nemuno-dviraciu-trasa-ndt\/\" class=\"_self pt-cv-href-thumbnail pt-cv-thumb-left\" target=\"_self\"><\/a>\n<div class=\"pt-cv-content\">Tai Kelion\u0117s dvira\u010diais po nuostabius Nemuno vingius ir gamt\u0105, pilis ir piliakalnius, miestelius ir dvarus, parkus ir muziejus. Keliaudami gal\u0117site ...<br \/><div class=\"pt-cv-rmwrap\"><a href=\"https:\/\/velovilnius.lt\/veloland\/nemuno-dviraciu-trasa-ndt\/\" class=\"_self pt-cv-readmore btn btn-success\" target=\"_self\">Read More<\/a><\/div><\/div>\t<\/div>\r\n<\/div><\/div>\n<div class=\"panel panel-default pt-cv-content-item pt-cv-2-col\" >\r\n<div class=\"panel-heading pt-cv-title\">\r\n    <a class=\"panel-title\" data-toggle=\"cvcollapse\" data-parent=\"#fbbcaedauz\" data-target=\"#87ae5271of\" href=\"https:\/\/velovilnius.lt\/veloland\/dubysos-rp\/\" onclick=\"event.preventDefault()\">\r\n\t\tDubysos RP\t<\/a>\r\n\t<\/div>\r\n<div id=\"87ae5271of\" class=\"panel-collapse collapse \">\r\n\t<div class=\"panel-body\">\r\n\t\t<a href=\"https:\/\/velovilnius.lt\/veloland\/dubysos-rp\/\" class=\"_self pt-cv-href-thumbnail pt-cv-thumb-left\" target=\"_self\"><\/a>\n<div class=\"pt-cv-content\">http:\/\/www.alfa.lt\/straipsnis\/11762684\/Ekstremalus.dviraciu.takas.Dubysos.regioniniame.parke=2011-06-29_16-20\/ Ekstremalus dvira\u010di\u0173 takas Dubysos regioniniame parke Dubysos regioninis parkas planuoja atidaryti nauj\u0105 dvira\u010di\u0173 tras\u0105 ir taip pritraukti kuo daugiau ...<br \/><div class=\"pt-cv-rmwrap\"><a href=\"https:\/\/velovilnius.lt\/veloland\/dubysos-rp\/\" class=\"_self pt-cv-readmore btn btn-success\" target=\"_self\">Read More<\/a><\/div><\/div>\t<\/div>\r\n<\/div><\/div>\n<div class=\"panel panel-default pt-cv-content-item pt-cv-2-col\" >\r\n<div class=\"panel-heading pt-cv-title\">\r\n    <a class=\"panel-title\" data-toggle=\"cvcollapse\" data-parent=\"#fbbcaedauz\" data-target=\"#ee1d8509pd\" href=\"https:\/\/velovilnius.lt\/veloland\/tytuvenu-regioninis-parkas\/\" onclick=\"event.preventDefault()\">\r\n\t\tTytuv\u0117n\u0173 Regioninis Parkas\t<\/a>\r\n\t<\/div>\r\n<div id=\"ee1d8509pd\" class=\"panel-collapse collapse \">\r\n\t<div class=\"panel-body\">\r\n\t\t<a href=\"https:\/\/velovilnius.lt\/veloland\/tytuvenu-regioninis-parkas\/\" class=\"_self pt-cv-href-thumbnail pt-cv-thumb-left\" target=\"_self\"><\/a>\n<div class=\"pt-cv-content\">Parke turime \u012freng\u0119 Tytuv\u0117n\u0173 dvira\u010di\u0173 tras\u0105, kuri yra nu\u017eym\u0117ta \u017eenklais. http:\/\/trp.lt\/index.php?option=com_content&amp;view=article&amp;id=175&amp;lang=lt Kiti yra tik dvira\u010di\u0173 mar&scaron;rutai pa\u017eym\u0117ti \u017eem\u0117lapiuose &ndash; be ...<br \/><div class=\"pt-cv-rmwrap\"><a href=\"https:\/\/velovilnius.lt\/veloland\/tytuvenu-regioninis-parkas\/\" class=\"_self pt-cv-readmore btn btn-success\" target=\"_self\">Read More<\/a><\/div><\/div>\t<\/div>\r\n<\/div><\/div>\n<div class=\"panel panel-default pt-cv-content-item pt-cv-2-col\" >\r\n<div class=\"panel-heading pt-cv-title\">\r\n    <a class=\"panel-title\" data-toggle=\"cvcollapse\" data-parent=\"#fbbcaedauz\" data-target=\"#2ba4400v71\" href=\"http:\/\/www.bicycle.lt\/pajuriotrasa\/\" onclick=\"event.preventDefault()\" target=\"_blank\" rel=\"noopener\">\r\n\t\tPaj\u016brio dvira\u010dio trasa (PDT), EuroVelo 10\t<\/a>\r\n\t<\/div>\r\n<div id=\"2ba4400v71\" class=\"panel-collapse collapse \">\r\n\t<div class=\"panel-body\">\r\n\t\t<a href=\"http:\/\/www.bicycle.lt\/pajuriotrasa\/\" class=\"_self pt-cv-href-thumbnail pt-cv-thumb-left\" target=\"_self\" rel=\"noopener\"><\/a>\n<div class=\"pt-cv-content\"> ...<br \/><div class=\"pt-cv-rmwrap\"><a href=\"http:\/\/www.bicycle.lt\/pajuriotrasa\/\" class=\"_self pt-cv-readmore btn btn-success\" target=\"_self\" rel=\"noopener\">Read More<\/a><\/div><\/div>\t<\/div>\r\n<\/div><\/div>\n<div class=\"panel panel-default pt-cv-content-item pt-cv-2-col\" >\r\n<div class=\"panel-heading pt-cv-title\">\r\n    <a class=\"panel-title\" data-toggle=\"cvcollapse\" data-parent=\"#fbbcaedauz\" data-target=\"#b7596e29ic\" href=\"https:\/\/velovilnius.lt\/veloland\/kurtuvenu-dviraciu-takas\/\" onclick=\"event.preventDefault()\">\r\n\t\tKurtuv\u0117n\u0173 regioninis parkas\t<\/a>\r\n\t<\/div>\r\n<div id=\"b7596e29ic\" class=\"panel-collapse collapse \">\r\n\t<div class=\"panel-body\">\r\n\t\t<a href=\"https:\/\/velovilnius.lt\/veloland\/kurtuvenu-dviraciu-takas\/\" class=\"_self pt-cv-href-thumbnail pt-cv-thumb-left\" target=\"_self\"><\/a>\n<div class=\"pt-cv-content\">Kurtuv\u0117n\u0173 dvira\u010di\u0173 takas Pavadinimas: Kurtuv\u0117n\u0173 dvira\u010di\u0173 takas Vieta: &Scaron;iauli\u0173 r., Kurtuv\u0117n\u0173 regioninis parkas Trumpas apra&scaron;ymas: 1984 m. suprojektuotas 7 km ...<br \/><div class=\"pt-cv-rmwrap\"><a href=\"https:\/\/velovilnius.lt\/veloland\/kurtuvenu-dviraciu-takas\/\" class=\"_self pt-cv-readmore btn btn-success\" target=\"_self\">Read More<\/a><\/div><\/div>\t<\/div>\r\n<\/div><\/div><\/div><\/div><\/div><\/div>\n","protected":false},"excerpt":{"rendered":"<p>Vakar\u0173 Lietuva (\u017demaitija, Klaip\u0117dos Kra\u0161tas) Mar\u0161rutai Paj\u016brio dvira\u010dio trasa Mar\u0161rutai \u0160ilut\u0117s rajone \u017demaitijos Nacionalinis Parkas (aplink Plat\u0117li\u0173 e\u017eer\u0105) Tytuv\u0117n\u0173 Regioninis Parkas Kurtuv\u0117n\u0173 Regioninis Parkas [blog_in_blog category_slug=&#8217;zemaitija&#8217;]<\/p>\n","protected":false},"author":1,"featured_media":134436,"parent":15,"menu_order":0,"comment_status":"open","ping_status":"open","template":"","meta":{"inline_featured_image":false,"site-sidebar-layout":"default","site-content-layout":"default","ast-site-content-layout":"default","site-content-style":"default","site-sidebar-style":"default","ast-global-header-display":"","ast-banner-title-visibility":"","ast-main-header-display":"","ast-hfb-above-header-display":"","ast-hfb-below-header-display":"","ast-hfb-mobile-header-display":"","site-post-title":"","ast-breadcrumbs-content":"","ast-featured-img":"","footer-sml-layout":"","ast-disable-related-posts":"","theme-transparent-header-meta":"default","adv-header-id-meta":"","stick-header-meta":"","header-above-stick-meta":"","header-main-stick-meta":"","header-below-stick-meta":"","astra-migrate-meta-layouts":"default","ast-page-background-enabled":"default","ast-page-background-meta":{"desktop":{"background-color":"","background-image":"","background-repeat":"repeat","background-position":"center center","background-size":"auto","background-attachment":"scroll","background-type":"","background-media":"","overlay-type":"","overlay-color":"","overlay-opacity":"","overlay-gradient":""},"tablet":{"background-color":"","background-image":"","background-repeat":"repeat","background-position":"center center","background-size":"auto","background-attachment":"scroll","background-type":"","background-media":"","overlay-type":"","overlay-color":"","overlay-opacity":"","overlay-gradient":""},"mobile":{"background-color":"","background-image":"","background-repeat":"repeat","background-position":"center center","background-size":"auto","background-attachment":"scroll","background-type":"","background-media":"","overlay-type":"","overlay-color":"","overlay-opacity":"","overlay-gradient":""}},"ast-content-background-meta":{"desktop":{"background-color":"var(--ast-global-color-5)","background-image":"","background-repeat":"repeat","background-position":"center center","background-size":"auto","background-attachment":"scroll","background-type":"","background-media":"","overlay-type":"","overlay-color":"","overlay-opacity":"","overlay-gradient":""},"tablet":{"background-color":"var(--ast-global-color-5)","background-image":"","background-repeat":"repeat","background-position":"center center","background-size":"auto","background-attachment":"scroll","background-type":"","background-media":"","overlay-type":"","overlay-color":"","overlay-opacity":"","overlay-gradient":""},"mobile":{"background-color":"var(--ast-global-color-5)","background-image":"","background-repeat":"repeat","background-position":"center center","background-size":"auto","background-attachment":"scroll","background-type":"","background-media":"","overlay-type":"","overlay-color":"","overlay-opacity":"","overlay-gradient":""}},"footnotes":"","_links_to":"","_links_to_target":""},"categories":[],"tags":[],"class_list":["post-952","page","type-page","status-publish","has-post-thumbnail","hentry"],"ams_acf":[],"blocks":[{"blockName":null,"attrs":[],"innerBlocks":[],"innerHTML":"<h1>Vakar\u0173 Lietuva (\u017demaitija, Klaip\u0117dos Kra\u0161tas)<\/h1>\n<h2 style=\"font-size: 13.333333969116211px;\">Mar\u0161rutai<\/h2>\n<ul>\n \t<li style=\"font-size: 13.333333969116211px;\">Paj\u016brio dvira\u010dio trasa<\/li>\n \t<li style=\"font-size: 13.333333969116211px;\">Mar\u0161rutai \u0160ilut\u0117s rajone<\/li>\n \t<li style=\"font-size: 13.333333969116211px;\">\u017demaitijos Nacionalinis Parkas (aplink Plat\u0117li\u0173 e\u017eer\u0105)<\/li>\n \t<li style=\"font-size: 13.333333969116211px;\">Tytuv\u0117n\u0173 Regioninis Parkas<\/li>\n \t<li style=\"font-size: 13.333333969116211px;\">Kurtuv\u0117n\u0173 Regioninis Parkas<\/li>\n<\/ul>\n\n<hr \/>\n<p style=\"font-size: 13px;\">[blog_in_blog category_slug='zemaitija']<\/p>\n<p style=\"font-size: 13.333333969116211px;\">[iframe src=\"http:\/\/www.gpsies.com\/mapFolderOnly.do?id=2796\" width=\"600\" height=\"400\" frameborder=\"0\" scrolling=\"no\" marginheight=\"0\" marginwidth=\"0\"]<\/p>\n[pt_view id=\"a7a0397j2f\"]","innerContent":["<h1>Vakar\u0173 Lietuva (\u017demaitija, Klaip\u0117dos Kra\u0161tas)<\/h1>\n<h2 style=\"font-size: 13.333333969116211px;\">Mar\u0161rutai<\/h2>\n<ul>\n \t<li style=\"font-size: 13.333333969116211px;\">Paj\u016brio dvira\u010dio trasa<\/li>\n \t<li style=\"font-size: 13.333333969116211px;\">Mar\u0161rutai \u0160ilut\u0117s rajone<\/li>\n \t<li style=\"font-size: 13.333333969116211px;\">\u017demaitijos Nacionalinis Parkas (aplink Plat\u0117li\u0173 e\u017eer\u0105)<\/li>\n \t<li style=\"font-size: 13.333333969116211px;\">Tytuv\u0117n\u0173 Regioninis Parkas<\/li>\n \t<li style=\"font-size: 13.333333969116211px;\">Kurtuv\u0117n\u0173 Regioninis Parkas<\/li>\n<\/ul>\n\n<hr \/>\n<p style=\"font-size: 13px;\">[blog_in_blog category_slug='zemaitija']<\/p>\n<p style=\"font-size: 13.333333969116211px;\">[iframe src=\"http:\/\/www.gpsies.com\/mapFolderOnly.do?id=2796\" width=\"600\" height=\"400\" frameborder=\"0\" scrolling=\"no\" marginheight=\"0\" marginwidth=\"0\"]<\/p>\n[pt_view id=\"a7a0397j2f\"]"]}],"pwapp_after_post_content":null,"pwapp_before_post_content":null,"androapp_header":null,"pwapp_author":{"ID":1,"name":"admin","slug":"admin"},"pwapp_terms":[],"pwapp_feed_image_dimension_type":null,"featuredimage":"https:\/\/velovilnius.lt\/veloland\/files\/2013\/09\/LT5_sandradPIC_0102.jpg","pwapp_post_image":"https:\/\/velovilnius.lt\/veloland\/files\/2013\/09\/LT5_sandradPIC_0102.jpg","share_image":"https:\/\/velovilnius.lt\/veloland\/files\/2013\/09\/LT5_sandradPIC_0102.jpg","featured_image_showhide":null,"featured_image":{"ID":134436,"excerpt":"","title":"M4011M-1402","source":"https:\/\/velovilnius.lt\/veloland\/files\/2013\/09\/LT5_sandradPIC_0102.jpg"},"pwapp_excerpt":"<p>Vakar\u0173 Lietuva (\u017demaitija, Klaip\u0117dos Kra\u0161tas) Mar\u0161rutai Paj\u016brio dvira\u010dio trasa Mar\u0161rutai \u0160ilut\u0117s rajone \u017demaitijos Nacionalinis Parkas (aplink Plat\u0117li\u0173 e\u017eer\u0105) Tytuv\u0117n\u0173 Regioninis Parkas Kurtuv\u0117n\u0173 Regioninis Parkas [blog_in_blog category_slug=&#8217;zemaitija&#8217;]<\/p>\n","pwapp_title":"Vakar\u0173 Lietuva (\u017demaitija, Klaip\u0117dos Kra\u0161tas)","androapp_image_list":[{"src":"https:\/\/velovilnius.lt\/veloland\/files\/2013\/09\/LT5_sandradPIC_0102.jpg","height":200}],"pwapp_post_content":null,"pwapp_post_content_type":null,"pwapp_preview_type":"excerpt","androapp_failover_post_content_type":"","share_text":"","supercache":"androappsupercache","_links":{"self":[{"href":"https:\/\/velovilnius.lt\/veloland\/wp-json\/wp\/v2\/pages\/952","targetHints":{"allow":["GET"]}}],"collection":[{"href":"https:\/\/velovilnius.lt\/veloland\/wp-json\/wp\/v2\/pages"}],"about":[{"href":"https:\/\/velovilnius.lt\/veloland\/wp-json\/wp\/v2\/types\/page"}],"author":[{"embeddable":true,"href":"https:\/\/velovilnius.lt\/veloland\/wp-json\/wp\/v2\/users\/1"}],"replies":[{"embeddable":true,"href":"https:\/\/velovilnius.lt\/veloland\/wp-json\/wp\/v2\/comments?post=952"}],"version-history":[{"count":4,"href":"https:\/\/velovilnius.lt\/veloland\/wp-json\/wp\/v2\/pages\/952\/revisions"}],"predecessor-version":[{"id":925095,"href":"https:\/\/velovilnius.lt\/veloland\/wp-json\/wp\/v2\/pages\/952\/revisions\/925095"}],"up":[{"embeddable":true,"href":"https:\/\/velovilnius.lt\/veloland\/wp-json\/wp\/v2\/pages\/15"}],"wp:featuredmedia":[{"embeddable":true,"href":"https:\/\/velovilnius.lt\/veloland\/wp-json\/wp\/v2\/media\/134436"}],"wp:attachment":[{"href":"https:\/\/velovilnius.lt\/veloland\/wp-json\/wp\/v2\/media?parent=952"}],"wp:term":[{"taxonomy":"category","embeddable":true,"href":"https:\/\/velovilnius.lt\/veloland\/wp-json\/wp\/v2\/categories?post=952"},{"taxonomy":"post_tag","embeddable":true,"href":"https:\/\/velovilnius.lt\/veloland\/wp-json\/wp\/v2\/tags?post=952"}],"curies":[{"name":"wp","href":"https:\/\/api.w.org\/{rel}","templated":true}]}}